{"id":211,"date":"2024-07-06T09:07:56","date_gmt":"2024-07-06T07:07:56","guid":{"rendered":"https:\/\/ronald-wilksen.de\/?page_id=211"},"modified":"2025-04-17T08:31:42","modified_gmt":"2025-04-17T06:31:42","slug":"impressum","status":"publish","type":"page","link":"https:\/\/ronald-wilksen.de\/fr\/impressum\/","title":{"rendered":"Mentions l\u00e9gales"},"content":{"rendered":"<div data-elementor-type=\"wp-page\" data-elementor-id=\"211\" class=\"elementor elementor-211\" data-elementor-settings=\"{&quot;element_pack_global_tooltip_width&quot;:{&quot;unit&quot;:&quot;px&quot;,&quot;size&quot;:&quot;&quot;,&quot;sizes&quot;:[]},&quot;element_pack_global_tooltip_width_tablet&quot;:{&quot;unit&quot;:&quot;px&quot;,&quot;size&quot;:&quot;&quot;,&quot;sizes&quot;:[]},&quot;element_pack_global_tooltip_width_mobile&quot;:{&quot;unit&quot;:&quot;px&quot;,&quot;size&quot;:&quot;&quot;,&quot;sizes&quot;:[]},&quot;element_pack_global_tooltip_padding&quot;:{&quot;unit&quot;:&quot;px&quot;,&quot;top&quot;:&quot;&quot;,&quot;right&quot;:&quot;&quot;,&quot;bottom&quot;:&quot;&quot;,&quot;left&quot;:&quot;&quot;,&quot;isLinked&quot;:true},&quot;element_pack_global_tooltip_padding_tablet&quot;:{&quot;unit&quot;:&quot;px&quot;,&quot;top&quot;:&quot;&quot;,&quot;right&quot;:&quot;&quot;,&quot;bottom&quot;:&quot;&quot;,&quot;left&quot;:&quot;&quot;,&quot;isLinked&quot;:true},&quot;element_pack_global_tooltip_padding_mobile&quot;:{&quot;unit&quot;:&quot;px&quot;,&quot;top&quot;:&quot;&quot;,&quot;right&quot;:&quot;&quot;,&quot;bottom&quot;:&quot;&quot;,&quot;left&quot;:&quot;&quot;,&quot;isLinked&quot;:true},&quot;element_pack_global_tooltip_border_radius&quot;:{&quot;unit&quot;:&quot;px&quot;,&quot;top&quot;:&quot;&quot;,&quot;right&quot;:&quot;&quot;,&quot;bottom&quot;:&quot;&quot;,&quot;left&quot;:&quot;&quot;,&quot;isLinked&quot;:true},&quot;element_pack_global_tooltip_border_radius_tablet&quot;:{&quot;unit&quot;:&quot;px&quot;,&quot;top&quot;:&quot;&quot;,&quot;right&quot;:&quot;&quot;,&quot;bottom&quot;:&quot;&quot;,&quot;left&quot;:&quot;&quot;,&quot;isLinked&quot;:true},&quot;element_pack_global_tooltip_border_radius_mobile&quot;:{&quot;unit&quot;:&quot;px&quot;,&quot;top&quot;:&quot;&quot;,&quot;right&quot;:&quot;&quot;,&quot;bottom&quot;:&quot;&quot;,&quot;left&quot;:&quot;&quot;,&quot;isLinked&quot;:true}}\" data-elementor-post-type=\"page\">\n\t\t\t\t<div class=\"elementor-element elementor-element-27f219c4 e-flex e-con-boxed e-con e-parent\" data-id=\"27f219c4\" data-element_type=\"container\" data-e-type=\"container\" data-settings=\"{&quot;background_background&quot;:&quot;gradient&quot;}\">\n\t\t\t\t\t<div class=\"e-con-inner\">\n\t\t<div class=\"elementor-element elementor-element-6760d170 e-con-full e-flex e-con e-child\" data-id=\"6760d170\" data-element_type=\"container\" data-e-type=\"container\">\n\t\t\t\t<div class=\"elementor-element elementor-element-2bf6c1aa elementor-align-right elementor-widget elementor-widget-breadcrumbs\" data-id=\"2bf6c1aa\" data-element_type=\"widget\" data-e-type=\"widget\" data-widget_type=\"breadcrumbs.default\">\n\t\t\t\t<div class=\"elementor-widget-container\">\n\t\t\t\t\t<p id=\"breadcrumbs\"><span><span><a href=\"https:\/\/ronald-wilksen.de\/fr\/\">Page d'accueil<\/a><\/span><\/span><\/p>\t\t\t\t<\/div>\n\t\t\t\t<\/div>\n\t\t\t\t<\/div>\n\t\t\t\t\t<\/div>\n\t\t\t\t<\/div>\n\t\t<div class=\"elementor-element elementor-element-3a3b13b1 e-flex e-con-boxed e-con e-parent\" data-id=\"3a3b13b1\" data-element_type=\"container\" data-e-type=\"container\" data-settings=\"{&quot;background_background&quot;:&quot;classic&quot;}\">\n\t\t\t\t\t<div class=\"e-con-inner\">\n\t\t\t\t<div class=\"elementor-element elementor-element-7b6a1ae elementor-widget elementor-widget-heading\" data-id=\"7b6a1ae\" data-element_type=\"widget\" data-e-type=\"widget\" data-widget_type=\"heading.default\">\n\t\t\t\t<div class=\"elementor-widget-container\">\n\t\t\t\t\t<h1 class=\"elementor-heading-title elementor-size-default\">Mentions l\u00e9gales<\/h1>\t\t\t\t<\/div>\n\t\t\t\t<\/div>\n\t\t\t\t\t<\/div>\n\t\t\t\t<\/div>\n\t\t<div class=\"elementor-element elementor-element-6c3e52fb e-flex e-con-boxed e-con e-parent\" data-id=\"6c3e52fb\" data-element_type=\"container\" data-e-type=\"container\">\n\t\t\t\t\t<div class=\"e-con-inner\">\n\t\t<div class=\"elementor-element elementor-element-61b797ab e-con-full e-flex e-con e-child\" data-id=\"61b797ab\" data-element_type=\"container\" data-e-type=\"container\">\n\t\t\t\t<div class=\"elementor-element elementor-element-6b599f08 elementor-widget elementor-widget-text-editor\" data-id=\"6b599f08\" data-element_type=\"widget\" data-e-type=\"widget\" data-widget_type=\"text-editor.default\">\n\t\t\t\t<div class=\"elementor-widget-container\">\n\t\t\t\t\t\t\t\t\t<p><strong>Ronald Wilksen GmbH<\/strong><br \/>Point d'\u00e9coute 4<br \/>27639 Wurster c\u00f4te de la mer du Nord<\/p><p>Propri\u00e9taire : Henrik Schwerdts<br \/>Num\u00e9ro de TVA : DE197713580<br \/>Num\u00e9ro d'identification fiscale : 49\/200\/20820<\/p><p><strong>Email<\/strong><br \/>info@ronald-wilksen.de<\/p><p><strong>T\u00e9l\u00e9phone\u00a0<\/strong><br \/>04741 7102<\/p><p><strong>T\u00e9l\u00e9copieur :<\/strong><br \/>04741 7194<br \/><br \/>Responsable du contenu : conform\u00e9ment au \u00a7 10 alin\u00e9a 3 MDStV : Henrik Schwertds avec l'adresse ci-dessus<\/p><p><strong>Conception du site web<\/strong><br \/><a href=\"https:\/\/21havn.de\">21HAVN<\/a><\/p>\t\t\t\t\t\t\t\t<\/div>\n\t\t\t\t<\/div>\n\t\t\t\t<div class=\"elementor-element elementor-element-79575617 elementor-widget-divider--view-line elementor-widget elementor-widget-divider\" data-id=\"79575617\" data-element_type=\"widget\" data-e-type=\"widget\" data-widget_type=\"divider.default\">\n\t\t\t\t<div class=\"elementor-widget-container\">\n\t\t\t\t\t\t\t<div class=\"elementor-divider\">\n\t\t\t<span class=\"elementor-divider-separator\">\n\t\t\t\t\t\t<\/span>\n\t\t<\/div>\n\t\t\t\t\t\t<\/div>\n\t\t\t\t<\/div>\n\t\t\t\t<div class=\"elementor-element elementor-element-28023e60 elementor-widget elementor-widget-text-editor\" data-id=\"28023e60\" data-element_type=\"widget\" data-e-type=\"widget\" data-widget_type=\"text-editor.default\">\n\t\t\t\t<div class=\"elementor-widget-container\">\n\t\t\t\t\t\t\t\t\t<p><strong>Graphiques et images<\/strong><\/p><p>Images de Pixabay.com et Unsplash.com :<br \/>Toutes les images et vid\u00e9os mises \u00e0 disposition sur Pixabay et Unsplash sont dans le domaine public conform\u00e9ment \u00e0 la renonciation Creative Commons CC0. Dans la mesure o\u00f9 la loi le permet, les auteurs ont c\u00e9d\u00e9 tous les droits d'auteur et droits voisins sur les contenus. Les images et les vid\u00e9os ne sont donc soumises \u00e0 aucun droit de copie et peuvent \u00eatre utilis\u00e9es gratuitement - modifi\u00e9es ou non - pour des applications commerciales ou non, sous forme num\u00e9rique ou imprim\u00e9e, sans cr\u00e9dit photo ni mention de la source.<\/p><p><strong>R\u00e8glement des litiges<br \/><\/strong>La Commission europ\u00e9enne met \u00e0 disposition une plate-forme de r\u00e8glement en ligne des litiges (OS) \u00e0 l'adresse http:\/\/ec.europa.eu\/consumers\/odr. Veuillez noter que nous ne participons pas pour le moment \u00e0 cette proc\u00e9dure de r\u00e8glement alternatif des litiges.<\/p><p><strong>Clause de responsabilit\u00e9<\/strong><br \/>Les contenus de ce projet web ont \u00e9t\u00e9 soigneusement contr\u00f4l\u00e9s et \u00e9labor\u00e9s en toute conscience. Mais les informations pr\u00e9sent\u00e9es ici ne font pas l'objet d'une pr\u00e9tention \u00e0 l'exhaustivit\u00e9, \u00e0 l'actualit\u00e9, \u00e0 la qualit\u00e9 et \u00e0 l'exactitude. Aucune responsabilit\u00e9 ne peut \u00eatre assum\u00e9e pour les dommages de toute nature r\u00e9sultant de la confiance accord\u00e9e aux contenus de ce site web ou de leur utilisation.<\/p><p><strong>Droit d'auteur<\/strong><br \/>La mise en page et la conception de l'offre dans son ensemble ainsi que de ses diff\u00e9rents \u00e9l\u00e9ments sont prot\u00e9g\u00e9s par des droits d'auteur. Il en va de m\u00eame pour les contributions r\u00e9dactionnelles en d\u00e9tail ainsi que pour leur s\u00e9lection et leur composition. La r\u00e9utilisation et la reproduction ne sont autoris\u00e9es qu'\u00e0 des fins priv\u00e9es, aucune modification ne doit y \u00eatre apport\u00e9e, la source doit \u00eatre indiqu\u00e9e. Une utilisation publique de l'offre ne peut se faire qu'avec l'accord de l'exploitant. Les informations et communications officielles font exception \u00e0 cette r\u00e8gle. Leur contenu est librement r\u00e9utilisable par tout un chacun, sans autorisation particuli\u00e8re. Les photos et les graphiques ne peuvent \u00eatre utilis\u00e9s sans autorisation particuli\u00e8re de l'exploitant que si cela est express\u00e9ment mentionn\u00e9 sur la page concern\u00e9e.<\/p><p><strong>Violation des droits de propri\u00e9t\u00e9 intellectuelle<\/strong><br \/>Si vous pensez que ce site web porte atteinte \u00e0 l'un de vos droits de propri\u00e9t\u00e9 intellectuelle, veuillez nous en informer imm\u00e9diatement afin que nous puissions y rem\u00e9dier sans d\u00e9lai. Veuillez prendre connaissance du fait que l'intervention d'un avocat pour une mise en demeure payante pour le fournisseur ne correspond pas \u00e0 notre volont\u00e9 et est rejet\u00e9e dans le sens de l'obligation de r\u00e9duire les dommages !<\/p><p><strong>Clause de sauvegarde<\/strong>Si l'une des clauses\/dispositions susmentionn\u00e9es est totalement ou partiellement invalide en raison de dispositions l\u00e9gales, de prescriptions ou de modifications de la loi, la disposition qui se rapproche le plus de l'intention vis\u00e9e par la clause\/la disposition entre en vigueur \u00e0 la place de cette disposition. Toutes les autres dispositions ne sont pas affect\u00e9es par cette disposition et continuent \u00e0 s'appliquer dans leur int\u00e9gralit\u00e9.<\/p>\t\t\t\t\t\t\t\t<\/div>\n\t\t\t\t<\/div>\n\t\t\t\t<\/div>\n\t\t\t\t\t<\/div>\n\t\t\t\t<\/div>\n\t\t\t\t<\/div>","protected":false},"excerpt":{"rendered":"<p>Ronald Wilksen GmbHPeilstelle 427639 Wurster Nordseek\u00fcste Inhaber: Henrik SchwerdtsUSt.-ID: DE197713580Steuernummer: 49\/200\/20820 Emailinfo@ronald-wilksen.de Telefon\u00a004741 7102 Telefax:04741 7194 Inhaltlich Verantwortlicher: gem\u00e4\u00df \u00a7 10 Absatz 3 MDStV: Henrik Schwertds mit obiger Anschrift Website-Gestaltung21HAVN Grafiken und Bilder Bilder von Pixabay.com und Unsplash.com:Alle bereitgestellten Bilder und Videos auf Pixabay und Unsplash sind gemeinfrei (Public Domain) entsprechend der Verzichtserkl\u00e4rung Creative Commons [&hellip;]<\/p>\n","protected":false},"author":1,"featured_media":0,"parent":0,"menu_order":0,"comment_status":"closed","ping_status":"closed","template":"","meta":{"footnotes":"","_wp_rev_ctl_limit":""},"class_list":["post-211","page","type-page","status-publish","hentry"],"yoast_head":"<!-- This site is optimized with the Yoast SEO plugin v23.0 - https:\/\/yoast.com\/wordpress\/plugins\/seo\/ -->\n<title>Impressum - Zimmerei Wilksen<\/title>\n<meta name=\"robots\" content=\"index, follow, max-snippet:-1, max-image-preview:large, max-video-preview:-1\" \/>\n<link rel=\"canonical\" href=\"https:\/\/ronald-wilksen.de\/fr\/impressum\/\" \/>\n<meta property=\"og:locale\" content=\"fr_FR\" \/>\n<meta property=\"og:type\" content=\"article\" \/>\n<meta property=\"og:title\" content=\"Impressum - Zimmerei Wilksen\" \/>\n<meta property=\"og:description\" content=\"Ronald Wilksen GmbHPeilstelle 427639 Wurster Nordseek\u00fcste Inhaber: Henrik SchwerdtsUSt.-ID: DE197713580Steuernummer: 49\/200\/20820 Emailinfo@ronald-wilksen.de Telefon\u00a004741 7102 Telefax:04741 7194 Inhaltlich Verantwortlicher: gem\u00e4\u00df \u00a7 10 Absatz 3 MDStV: Henrik Schwertds mit obiger Anschrift Website-Gestaltung21HAVN Grafiken und Bilder Bilder von Pixabay.com und Unsplash.com:Alle bereitgestellten Bilder und Videos auf Pixabay und Unsplash sind gemeinfrei (Public Domain) entsprechend der Verzichtserkl\u00e4rung Creative Commons [&hellip;]\" \/>\n<meta property=\"og:url\" content=\"https:\/\/ronald-wilksen.de\/fr\/impressum\/\" \/>\n<meta property=\"og:site_name\" content=\"Zimmerei Wilksen\" \/>\n<meta property=\"article:modified_time\" content=\"2025-04-17T06:31:42+00:00\" \/>\n<meta name=\"twitter:card\" content=\"summary_large_image\" \/>\n<meta name=\"twitter:label1\" content=\"Dur\u00e9e de lecture estim\u00e9e\" \/>\n\t<meta name=\"twitter:data1\" content=\"3 minutes\" \/>\n<script type=\"application\/ld+json\" class=\"yoast-schema-graph\">{\"@context\":\"https:\/\/schema.org\",\"@graph\":[{\"@type\":\"WebPage\",\"@id\":\"https:\/\/ronald-wilksen.de\/impressum\/\",\"url\":\"https:\/\/ronald-wilksen.de\/impressum\/\",\"name\":\"Impressum - Zimmerei Wilksen\",\"isPartOf\":{\"@id\":\"https:\/\/ronald-wilksen.de\/#website\"},\"datePublished\":\"2024-07-06T07:07:56+00:00\",\"dateModified\":\"2025-04-17T06:31:42+00:00\",\"breadcrumb\":{\"@id\":\"https:\/\/ronald-wilksen.de\/impressum\/#breadcrumb\"},\"inLanguage\":\"fr-FR\",\"potentialAction\":[{\"@type\":\"ReadAction\",\"target\":[\"https:\/\/ronald-wilksen.de\/impressum\/\"]}]},{\"@type\":\"BreadcrumbList\",\"@id\":\"https:\/\/ronald-wilksen.de\/impressum\/#breadcrumb\",\"itemListElement\":[{\"@type\":\"ListItem\",\"position\":1,\"name\":\"Startseite\",\"item\":\"https:\/\/ronald-wilksen.de\/\"},{\"@type\":\"ListItem\",\"position\":2,\"name\":\"Impressum\"}]},{\"@type\":\"WebSite\",\"@id\":\"https:\/\/ronald-wilksen.de\/#website\",\"url\":\"https:\/\/ronald-wilksen.de\/\",\"name\":\"Zimmerei Wilksen\",\"description\":\"Zimmerei &amp; Holzbau - Schl\u00fcsselfertigbau - Umbau &amp; Sanierung\",\"publisher\":{\"@id\":\"https:\/\/ronald-wilksen.de\/#organization\"},\"potentialAction\":[{\"@type\":\"SearchAction\",\"target\":{\"@type\":\"EntryPoint\",\"urlTemplate\":\"https:\/\/ronald-wilksen.de\/?s={search_term_string}\"},\"query-input\":\"required name=search_term_string\"}],\"inLanguage\":\"fr-FR\"},{\"@type\":\"Organization\",\"@id\":\"https:\/\/ronald-wilksen.de\/#organization\",\"name\":\"Zimmerei Wilksen\",\"url\":\"https:\/\/ronald-wilksen.de\/\",\"logo\":{\"@type\":\"ImageObject\",\"inLanguage\":\"fr-FR\",\"@id\":\"https:\/\/ronald-wilksen.de\/#\/schema\/logo\/image\/\",\"url\":\"https:\/\/ronald-wilksen.de\/wp-content\/uploads\/2024\/06\/logo-zimmerei-wilksen-horizontal-min.png\",\"contentUrl\":\"https:\/\/ronald-wilksen.de\/wp-content\/uploads\/2024\/06\/logo-zimmerei-wilksen-horizontal-min.png\",\"width\":900,\"height\":200,\"caption\":\"Zimmerei Wilksen\"},\"image\":{\"@id\":\"https:\/\/ronald-wilksen.de\/#\/schema\/logo\/image\/\"}}]}<\/script>\n<!-- \/ Yoast SEO plugin. -->","yoast_head_json":{"title":"Impressum - Zimmerei Wilksen","robots":{"index":"index","follow":"follow","max-snippet":"max-snippet:-1","max-image-preview":"max-image-preview:large","max-video-preview":"max-video-preview:-1"},"canonical":"https:\/\/ronald-wilksen.de\/fr\/impressum\/","og_locale":"fr_FR","og_type":"article","og_title":"Impressum - Zimmerei Wilksen","og_description":"Ronald Wilksen GmbHPeilstelle 427639 Wurster Nordseek\u00fcste Inhaber: Henrik SchwerdtsUSt.-ID: DE197713580Steuernummer: 49\/200\/20820 Emailinfo@ronald-wilksen.de Telefon\u00a004741 7102 Telefax:04741 7194 Inhaltlich Verantwortlicher: gem\u00e4\u00df \u00a7 10 Absatz 3 MDStV: Henrik Schwertds mit obiger Anschrift Website-Gestaltung21HAVN Grafiken und Bilder Bilder von Pixabay.com und Unsplash.com:Alle bereitgestellten Bilder und Videos auf Pixabay und Unsplash sind gemeinfrei (Public Domain) entsprechend der Verzichtserkl\u00e4rung Creative Commons [&hellip;]","og_url":"https:\/\/ronald-wilksen.de\/fr\/impressum\/","og_site_name":"Zimmerei Wilksen","article_modified_time":"2025-04-17T06:31:42+00:00","twitter_card":"summary_large_image","twitter_misc":{"Dur\u00e9e de lecture estim\u00e9e":"3 minutes"},"schema":{"@context":"https:\/\/schema.org","@graph":[{"@type":"WebPage","@id":"https:\/\/ronald-wilksen.de\/impressum\/","url":"https:\/\/ronald-wilksen.de\/impressum\/","name":"Impressum - Zimmerei Wilksen","isPartOf":{"@id":"https:\/\/ronald-wilksen.de\/#website"},"datePublished":"2024-07-06T07:07:56+00:00","dateModified":"2025-04-17T06:31:42+00:00","breadcrumb":{"@id":"https:\/\/ronald-wilksen.de\/impressum\/#breadcrumb"},"inLanguage":"fr-FR","potentialAction":[{"@type":"ReadAction","target":["https:\/\/ronald-wilksen.de\/impressum\/"]}]},{"@type":"BreadcrumbList","@id":"https:\/\/ronald-wilksen.de\/impressum\/#breadcrumb","itemListElement":[{"@type":"ListItem","position":1,"name":"Startseite","item":"https:\/\/ronald-wilksen.de\/"},{"@type":"ListItem","position":2,"name":"Impressum"}]},{"@type":"WebSite","@id":"https:\/\/ronald-wilksen.de\/#website","url":"https:\/\/ronald-wilksen.de\/","name":"Charpente Wilksen","description":"Zimmerei &amp; Holzbau - Schl\u00fcsselfertigbau - Umbau &amp; Sanierung","publisher":{"@id":"https:\/\/ronald-wilksen.de\/#organization"},"potentialAction":[{"@type":"SearchAction","target":{"@type":"EntryPoint","urlTemplate":"https:\/\/ronald-wilksen.de\/?s={search_term_string}"},"query-input":"required name=search_term_string"}],"inLanguage":"fr-FR"},{"@type":"Organization","@id":"https:\/\/ronald-wilksen.de\/#organization","name":"Charpente Wilksen","url":"https:\/\/ronald-wilksen.de\/","logo":{"@type":"ImageObject","inLanguage":"fr-FR","@id":"https:\/\/ronald-wilksen.de\/#\/schema\/logo\/image\/","url":"https:\/\/ronald-wilksen.de\/wp-content\/uploads\/2024\/06\/logo-zimmerei-wilksen-horizontal-min.png","contentUrl":"https:\/\/ronald-wilksen.de\/wp-content\/uploads\/2024\/06\/logo-zimmerei-wilksen-horizontal-min.png","width":900,"height":200,"caption":"Zimmerei Wilksen"},"image":{"@id":"https:\/\/ronald-wilksen.de\/#\/schema\/logo\/image\/"}}]}},"_links":{"self":[{"href":"https:\/\/ronald-wilksen.de\/fr\/wp-json\/wp\/v2\/pages\/211","targetHints":{"allow":["GET"]}}],"collection":[{"href":"https:\/\/ronald-wilksen.de\/fr\/wp-json\/wp\/v2\/pages"}],"about":[{"href":"https:\/\/ronald-wilksen.de\/fr\/wp-json\/wp\/v2\/types\/page"}],"author":[{"embeddable":true,"href":"https:\/\/ronald-wilksen.de\/fr\/wp-json\/wp\/v2\/users\/1"}],"replies":[{"embeddable":true,"href":"https:\/\/ronald-wilksen.de\/fr\/wp-json\/wp\/v2\/comments?post=211"}],"version-history":[{"count":0,"href":"https:\/\/ronald-wilksen.de\/fr\/wp-json\/wp\/v2\/pages\/211\/revisions"}],"wp:attachment":[{"href":"https:\/\/ronald-wilksen.de\/fr\/wp-json\/wp\/v2\/media?parent=211"}],"curies":[{"name":"wp","href":"https:\/\/api.w.org\/{rel}","templated":true}]}}