{"id":211,"date":"2024-07-06T09:07:56","date_gmt":"2024-07-06T07:07:56","guid":{"rendered":"https:\/\/ronald-wilksen.de\/?page_id=211"},"modified":"2025-04-17T08:31:42","modified_gmt":"2025-04-17T06:31:42","slug":"impressum","status":"publish","type":"page","link":"https:\/\/ronald-wilksen.de\/it\/impressum\/","title":{"rendered":"Impronta"},"content":{"rendered":"<div data-elementor-type=\"wp-page\" data-elementor-id=\"211\" class=\"elementor elementor-211\" data-elementor-settings=\"{&quot;element_pack_global_tooltip_width&quot;:{&quot;unit&quot;:&quot;px&quot;,&quot;size&quot;:&quot;&quot;,&quot;sizes&quot;:[]},&quot;element_pack_global_tooltip_width_tablet&quot;:{&quot;unit&quot;:&quot;px&quot;,&quot;size&quot;:&quot;&quot;,&quot;sizes&quot;:[]},&quot;element_pack_global_tooltip_width_mobile&quot;:{&quot;unit&quot;:&quot;px&quot;,&quot;size&quot;:&quot;&quot;,&quot;sizes&quot;:[]},&quot;element_pack_global_tooltip_padding&quot;:{&quot;unit&quot;:&quot;px&quot;,&quot;top&quot;:&quot;&quot;,&quot;right&quot;:&quot;&quot;,&quot;bottom&quot;:&quot;&quot;,&quot;left&quot;:&quot;&quot;,&quot;isLinked&quot;:true},&quot;element_pack_global_tooltip_padding_tablet&quot;:{&quot;unit&quot;:&quot;px&quot;,&quot;top&quot;:&quot;&quot;,&quot;right&quot;:&quot;&quot;,&quot;bottom&quot;:&quot;&quot;,&quot;left&quot;:&quot;&quot;,&quot;isLinked&quot;:true},&quot;element_pack_global_tooltip_padding_mobile&quot;:{&quot;unit&quot;:&quot;px&quot;,&quot;top&quot;:&quot;&quot;,&quot;right&quot;:&quot;&quot;,&quot;bottom&quot;:&quot;&quot;,&quot;left&quot;:&quot;&quot;,&quot;isLinked&quot;:true},&quot;element_pack_global_tooltip_border_radius&quot;:{&quot;unit&quot;:&quot;px&quot;,&quot;top&quot;:&quot;&quot;,&quot;right&quot;:&quot;&quot;,&quot;bottom&quot;:&quot;&quot;,&quot;left&quot;:&quot;&quot;,&quot;isLinked&quot;:true},&quot;element_pack_global_tooltip_border_radius_tablet&quot;:{&quot;unit&quot;:&quot;px&quot;,&quot;top&quot;:&quot;&quot;,&quot;right&quot;:&quot;&quot;,&quot;bottom&quot;:&quot;&quot;,&quot;left&quot;:&quot;&quot;,&quot;isLinked&quot;:true},&quot;element_pack_global_tooltip_border_radius_mobile&quot;:{&quot;unit&quot;:&quot;px&quot;,&quot;top&quot;:&quot;&quot;,&quot;right&quot;:&quot;&quot;,&quot;bottom&quot;:&quot;&quot;,&quot;left&quot;:&quot;&quot;,&quot;isLinked&quot;:true}}\" data-elementor-post-type=\"page\">\n\t\t\t\t<div class=\"elementor-element elementor-element-27f219c4 e-flex e-con-boxed e-con e-parent\" data-id=\"27f219c4\" data-element_type=\"container\" data-e-type=\"container\" data-settings=\"{&quot;background_background&quot;:&quot;gradient&quot;}\">\n\t\t\t\t\t<div class=\"e-con-inner\">\n\t\t<div class=\"elementor-element elementor-element-6760d170 e-con-full e-flex e-con e-child\" data-id=\"6760d170\" data-element_type=\"container\" data-e-type=\"container\">\n\t\t\t\t<div class=\"elementor-element elementor-element-2bf6c1aa elementor-align-right elementor-widget elementor-widget-breadcrumbs\" data-id=\"2bf6c1aa\" data-element_type=\"widget\" data-e-type=\"widget\" data-widget_type=\"breadcrumbs.default\">\n\t\t\t\t<div class=\"elementor-widget-container\">\n\t\t\t\t\t<p id=\"breadcrumbs\"><span><span><a href=\"https:\/\/ronald-wilksen.de\/it\/\">Pagina iniziale<\/a><\/span><\/span><\/p>\t\t\t\t<\/div>\n\t\t\t\t<\/div>\n\t\t\t\t<\/div>\n\t\t\t\t\t<\/div>\n\t\t\t\t<\/div>\n\t\t<div class=\"elementor-element elementor-element-3a3b13b1 e-flex e-con-boxed e-con e-parent\" data-id=\"3a3b13b1\" data-element_type=\"container\" data-e-type=\"container\" data-settings=\"{&quot;background_background&quot;:&quot;classic&quot;}\">\n\t\t\t\t\t<div class=\"e-con-inner\">\n\t\t\t\t<div class=\"elementor-element elementor-element-7b6a1ae elementor-widget elementor-widget-heading\" data-id=\"7b6a1ae\" data-element_type=\"widget\" data-e-type=\"widget\" data-widget_type=\"heading.default\">\n\t\t\t\t<div class=\"elementor-widget-container\">\n\t\t\t\t\t<h1 class=\"elementor-heading-title elementor-size-default\">Impronta<\/h1>\t\t\t\t<\/div>\n\t\t\t\t<\/div>\n\t\t\t\t\t<\/div>\n\t\t\t\t<\/div>\n\t\t<div class=\"elementor-element elementor-element-6c3e52fb e-flex e-con-boxed e-con e-parent\" data-id=\"6c3e52fb\" data-element_type=\"container\" data-e-type=\"container\">\n\t\t\t\t\t<div class=\"e-con-inner\">\n\t\t<div class=\"elementor-element elementor-element-61b797ab e-con-full e-flex e-con e-child\" data-id=\"61b797ab\" data-element_type=\"container\" data-e-type=\"container\">\n\t\t\t\t<div class=\"elementor-element elementor-element-6b599f08 elementor-widget elementor-widget-text-editor\" data-id=\"6b599f08\" data-element_type=\"widget\" data-e-type=\"widget\" data-widget_type=\"text-editor.default\">\n\t\t\t\t<div class=\"elementor-widget-container\">\n\t\t\t\t\t\t\t\t\t<p><strong>Ronald Wilksen GmbH<\/strong><br \/>Cuscinetto 4<br \/>27639 Wurster Costa del Mare del Nord<\/p><p>Proprietario: Henrik Schwerdts<br \/>PARTITA IVA: DE197713580<br \/>Codice fiscale: 49\/200\/20820<\/p><p><strong>e-mail<\/strong><br \/>info@ronald-wilksen.de<\/p><p><strong>Telefono\u00a0<\/strong><br \/>04741 7102<\/p><p><strong>Fax:<\/strong><br \/>04741 7194<br \/><br \/>Responsabile del contenuto: ai sensi del \u00a7 10 comma 3 MDStV: Henrik Schwertds con l'indirizzo sopra indicato.<\/p><p><strong>Design del sito web<\/strong><br \/><a href=\"https:\/\/21havn.de\">21HAVN<\/a><\/p>\t\t\t\t\t\t\t\t<\/div>\n\t\t\t\t<\/div>\n\t\t\t\t<div class=\"elementor-element elementor-element-79575617 elementor-widget-divider--view-line elementor-widget elementor-widget-divider\" data-id=\"79575617\" data-element_type=\"widget\" data-e-type=\"widget\" data-widget_type=\"divider.default\">\n\t\t\t\t<div class=\"elementor-widget-container\">\n\t\t\t\t\t\t\t<div class=\"elementor-divider\">\n\t\t\t<span class=\"elementor-divider-separator\">\n\t\t\t\t\t\t<\/span>\n\t\t<\/div>\n\t\t\t\t\t\t<\/div>\n\t\t\t\t<\/div>\n\t\t\t\t<div class=\"elementor-element elementor-element-28023e60 elementor-widget elementor-widget-text-editor\" data-id=\"28023e60\" data-element_type=\"widget\" data-e-type=\"widget\" data-widget_type=\"text-editor.default\">\n\t\t\t\t<div class=\"elementor-widget-container\">\n\t\t\t\t\t\t\t\t\t<p><strong>Grafica e immagini<\/strong><\/p><p>Immagini da Pixabay.com e Unsplash.com:<br \/>Tutte le immagini e i video forniti su Pixabay e Unsplash sono di pubblico dominio, in conformit\u00e0 con la clausola Creative Commons CC0. Per quanto legalmente possibile, tutti i diritti d'autore e i diritti connessi ai contenuti sono stati assegnati dagli autori. Le immagini e i video non sono pertanto soggetti ad alcun copyright e possono essere utilizzati - modificati o meno - gratuitamente per applicazioni commerciali e non commerciali in forma digitale o stampata senza crediti d'immagine o indicazione della fonte.<\/p><p><strong>Risoluzione delle controversie<br \/><\/strong>La Commissione europea mette a disposizione una piattaforma per la risoluzione delle controversie online (ODR) all'indirizzo http:\/\/ec.europa.eu\/consumers\/odr. Si noti che attualmente non partecipiamo a questa procedura alternativa di risoluzione delle controversie.<\/p><p><strong>Clausola di responsabilit\u00e0<\/strong><br \/>I contenuti di questo progetto web sono stati accuratamente controllati e compilati al meglio delle nostre conoscenze. Tuttavia, non si garantisce la completezza, l'attualit\u00e0, la qualit\u00e0 e la correttezza delle informazioni presentate. Non si assume alcuna responsabilit\u00e0 per danni di qualsiasi tipo derivanti dall'affidamento sul contenuto di questo sito web o dal suo utilizzo.<\/p><p><strong>Copyright<\/strong><br \/>Il layout e il design del sito web nel suo complesso e i suoi singoli elementi sono protetti da copyright. Lo stesso vale per i singoli contributi editoriali e per la loro selezione e compilazione. L'ulteriore utilizzo e la duplicazione sono consentiti solo per scopi privati, non possono essere apportate modifiche e la fonte deve essere identificata. L'uso pubblico del sito web \u00e8 consentito solo con il consenso del gestore. Ci\u00f2 non vale per le informazioni e gli avvisi ufficiali. Il contenuto di questi ultimi pu\u00f2 essere liberamente utilizzato da chiunque, senza particolari autorizzazioni. Le foto e i grafici possono essere utilizzati senza un'autorizzazione speciale da parte del gestore solo se ci\u00f2 \u00e8 espressamente indicato nella rispettiva pagina.<\/p><p><strong>Violazione dei diritti di propriet\u00e0<\/strong><br \/>Se sospettate che uno dei vostri diritti di propriet\u00e0 sia stato violato da questo sito web, siete pregati di informarci immediatamente in modo da poter intraprendere un'azione correttiva immediata. Nota bene: il coinvolgimento di un avvocato per emettere una diffida, a spese del fornitore, non \u00e8 nelle nostre intenzioni e sar\u00e0 rifiutato nel senso del dovere di minimizzare i danni!<\/p><p><strong>Clausola di esclusione della responsabilit\u00e0<\/strong>Se una delle clausole\/disposizioni di cui sopra \u00e8 totalmente o parzialmente invalida a causa di disposizioni di legge, regolamenti o modifiche di legge, tale disposizione sar\u00e0 sostituita dalla disposizione che pi\u00f9 si avvicina allo scopo della clausola\/disposizione. Tutte le altre disposizioni rimarranno inalterate e continueranno ad essere pienamente applicabili.<\/p>\t\t\t\t\t\t\t\t<\/div>\n\t\t\t\t<\/div>\n\t\t\t\t<\/div>\n\t\t\t\t\t<\/div>\n\t\t\t\t<\/div>\n\t\t\t\t<\/div>","protected":false},"excerpt":{"rendered":"<p>Ronald Wilksen GmbHPeilstelle 427639 Wurster Nordseek\u00fcste Inhaber: Henrik SchwerdtsUSt.-ID: DE197713580Steuernummer: 49\/200\/20820 Emailinfo@ronald-wilksen.de Telefon\u00a004741 7102 Telefax:04741 7194 Inhaltlich Verantwortlicher: gem\u00e4\u00df \u00a7 10 Absatz 3 MDStV: Henrik Schwertds mit obiger Anschrift Website-Gestaltung21HAVN Grafiken und Bilder Bilder von Pixabay.com und Unsplash.com:Alle bereitgestellten Bilder und Videos auf Pixabay und Unsplash sind gemeinfrei (Public Domain) entsprechend der Verzichtserkl\u00e4rung Creative Commons [&hellip;]<\/p>\n","protected":false},"author":1,"featured_media":0,"parent":0,"menu_order":0,"comment_status":"closed","ping_status":"closed","template":"","meta":{"footnotes":"","_wp_rev_ctl_limit":""},"class_list":["post-211","page","type-page","status-publish","hentry"],"yoast_head":"<!-- This site is optimized with the Yoast SEO plugin v23.0 - https:\/\/yoast.com\/wordpress\/plugins\/seo\/ -->\n<title>Impressum - Zimmerei Wilksen<\/title>\n<meta name=\"robots\" content=\"index, follow, max-snippet:-1, max-image-preview:large, max-video-preview:-1\" \/>\n<link rel=\"canonical\" href=\"https:\/\/ronald-wilksen.de\/it\/impressum\/\" \/>\n<meta property=\"og:locale\" content=\"it_IT\" \/>\n<meta property=\"og:type\" content=\"article\" \/>\n<meta property=\"og:title\" content=\"Impressum - Zimmerei Wilksen\" \/>\n<meta property=\"og:description\" content=\"Ronald Wilksen GmbHPeilstelle 427639 Wurster Nordseek\u00fcste Inhaber: Henrik SchwerdtsUSt.-ID: DE197713580Steuernummer: 49\/200\/20820 Emailinfo@ronald-wilksen.de Telefon\u00a004741 7102 Telefax:04741 7194 Inhaltlich Verantwortlicher: gem\u00e4\u00df \u00a7 10 Absatz 3 MDStV: Henrik Schwertds mit obiger Anschrift Website-Gestaltung21HAVN Grafiken und Bilder Bilder von Pixabay.com und Unsplash.com:Alle bereitgestellten Bilder und Videos auf Pixabay und Unsplash sind gemeinfrei (Public Domain) entsprechend der Verzichtserkl\u00e4rung Creative Commons [&hellip;]\" \/>\n<meta property=\"og:url\" content=\"https:\/\/ronald-wilksen.de\/it\/impressum\/\" \/>\n<meta property=\"og:site_name\" content=\"Zimmerei Wilksen\" \/>\n<meta property=\"article:modified_time\" content=\"2025-04-17T06:31:42+00:00\" \/>\n<meta name=\"twitter:card\" content=\"summary_large_image\" \/>\n<meta name=\"twitter:label1\" content=\"Tempo di lettura stimato\" \/>\n\t<meta name=\"twitter:data1\" content=\"3 minuti\" \/>\n<script type=\"application\/ld+json\" class=\"yoast-schema-graph\">{\"@context\":\"https:\/\/schema.org\",\"@graph\":[{\"@type\":\"WebPage\",\"@id\":\"https:\/\/ronald-wilksen.de\/impressum\/\",\"url\":\"https:\/\/ronald-wilksen.de\/impressum\/\",\"name\":\"Impressum - Zimmerei Wilksen\",\"isPartOf\":{\"@id\":\"https:\/\/ronald-wilksen.de\/#website\"},\"datePublished\":\"2024-07-06T07:07:56+00:00\",\"dateModified\":\"2025-04-17T06:31:42+00:00\",\"breadcrumb\":{\"@id\":\"https:\/\/ronald-wilksen.de\/impressum\/#breadcrumb\"},\"inLanguage\":\"it-IT\",\"potentialAction\":[{\"@type\":\"ReadAction\",\"target\":[\"https:\/\/ronald-wilksen.de\/impressum\/\"]}]},{\"@type\":\"BreadcrumbList\",\"@id\":\"https:\/\/ronald-wilksen.de\/impressum\/#breadcrumb\",\"itemListElement\":[{\"@type\":\"ListItem\",\"position\":1,\"name\":\"Startseite\",\"item\":\"https:\/\/ronald-wilksen.de\/\"},{\"@type\":\"ListItem\",\"position\":2,\"name\":\"Impressum\"}]},{\"@type\":\"WebSite\",\"@id\":\"https:\/\/ronald-wilksen.de\/#website\",\"url\":\"https:\/\/ronald-wilksen.de\/\",\"name\":\"Zimmerei Wilksen\",\"description\":\"Zimmerei &amp; Holzbau - Schl\u00fcsselfertigbau - Umbau &amp; Sanierung\",\"publisher\":{\"@id\":\"https:\/\/ronald-wilksen.de\/#organization\"},\"potentialAction\":[{\"@type\":\"SearchAction\",\"target\":{\"@type\":\"EntryPoint\",\"urlTemplate\":\"https:\/\/ronald-wilksen.de\/?s={search_term_string}\"},\"query-input\":\"required name=search_term_string\"}],\"inLanguage\":\"it-IT\"},{\"@type\":\"Organization\",\"@id\":\"https:\/\/ronald-wilksen.de\/#organization\",\"name\":\"Zimmerei Wilksen\",\"url\":\"https:\/\/ronald-wilksen.de\/\",\"logo\":{\"@type\":\"ImageObject\",\"inLanguage\":\"it-IT\",\"@id\":\"https:\/\/ronald-wilksen.de\/#\/schema\/logo\/image\/\",\"url\":\"https:\/\/ronald-wilksen.de\/wp-content\/uploads\/2024\/06\/logo-zimmerei-wilksen-horizontal-min.png\",\"contentUrl\":\"https:\/\/ronald-wilksen.de\/wp-content\/uploads\/2024\/06\/logo-zimmerei-wilksen-horizontal-min.png\",\"width\":900,\"height\":200,\"caption\":\"Zimmerei Wilksen\"},\"image\":{\"@id\":\"https:\/\/ronald-wilksen.de\/#\/schema\/logo\/image\/\"}}]}<\/script>\n<!-- \/ Yoast SEO plugin. -->","yoast_head_json":{"title":"Impressum - Zimmerei Wilksen","robots":{"index":"index","follow":"follow","max-snippet":"max-snippet:-1","max-image-preview":"max-image-preview:large","max-video-preview":"max-video-preview:-1"},"canonical":"https:\/\/ronald-wilksen.de\/it\/impressum\/","og_locale":"it_IT","og_type":"article","og_title":"Impressum - Zimmerei Wilksen","og_description":"Ronald Wilksen GmbHPeilstelle 427639 Wurster Nordseek\u00fcste Inhaber: Henrik SchwerdtsUSt.-ID: DE197713580Steuernummer: 49\/200\/20820 Emailinfo@ronald-wilksen.de Telefon\u00a004741 7102 Telefax:04741 7194 Inhaltlich Verantwortlicher: gem\u00e4\u00df \u00a7 10 Absatz 3 MDStV: Henrik Schwertds mit obiger Anschrift Website-Gestaltung21HAVN Grafiken und Bilder Bilder von Pixabay.com und Unsplash.com:Alle bereitgestellten Bilder und Videos auf Pixabay und Unsplash sind gemeinfrei (Public Domain) entsprechend der Verzichtserkl\u00e4rung Creative Commons [&hellip;]","og_url":"https:\/\/ronald-wilksen.de\/it\/impressum\/","og_site_name":"Zimmerei Wilksen","article_modified_time":"2025-04-17T06:31:42+00:00","twitter_card":"summary_large_image","twitter_misc":{"Tempo di lettura stimato":"3 minuti"},"schema":{"@context":"https:\/\/schema.org","@graph":[{"@type":"WebPage","@id":"https:\/\/ronald-wilksen.de\/impressum\/","url":"https:\/\/ronald-wilksen.de\/impressum\/","name":"Impressum - Zimmerei Wilksen","isPartOf":{"@id":"https:\/\/ronald-wilksen.de\/#website"},"datePublished":"2024-07-06T07:07:56+00:00","dateModified":"2025-04-17T06:31:42+00:00","breadcrumb":{"@id":"https:\/\/ronald-wilksen.de\/impressum\/#breadcrumb"},"inLanguage":"it-IT","potentialAction":[{"@type":"ReadAction","target":["https:\/\/ronald-wilksen.de\/impressum\/"]}]},{"@type":"BreadcrumbList","@id":"https:\/\/ronald-wilksen.de\/impressum\/#breadcrumb","itemListElement":[{"@type":"ListItem","position":1,"name":"Startseite","item":"https:\/\/ronald-wilksen.de\/"},{"@type":"ListItem","position":2,"name":"Impressum"}]},{"@type":"WebSite","@id":"https:\/\/ronald-wilksen.de\/#website","url":"https:\/\/ronald-wilksen.de\/","name":"Falegnameria Wilksen","description":"Zimmerei &amp; Holzbau - Schl\u00fcsselfertigbau - Umbau &amp; Sanierung","publisher":{"@id":"https:\/\/ronald-wilksen.de\/#organization"},"potentialAction":[{"@type":"SearchAction","target":{"@type":"EntryPoint","urlTemplate":"https:\/\/ronald-wilksen.de\/?s={search_term_string}"},"query-input":"required name=search_term_string"}],"inLanguage":"it-IT"},{"@type":"Organization","@id":"https:\/\/ronald-wilksen.de\/#organization","name":"Falegnameria Wilksen","url":"https:\/\/ronald-wilksen.de\/","logo":{"@type":"ImageObject","inLanguage":"it-IT","@id":"https:\/\/ronald-wilksen.de\/#\/schema\/logo\/image\/","url":"https:\/\/ronald-wilksen.de\/wp-content\/uploads\/2024\/06\/logo-zimmerei-wilksen-horizontal-min.png","contentUrl":"https:\/\/ronald-wilksen.de\/wp-content\/uploads\/2024\/06\/logo-zimmerei-wilksen-horizontal-min.png","width":900,"height":200,"caption":"Zimmerei Wilksen"},"image":{"@id":"https:\/\/ronald-wilksen.de\/#\/schema\/logo\/image\/"}}]}},"_links":{"self":[{"href":"https:\/\/ronald-wilksen.de\/it\/wp-json\/wp\/v2\/pages\/211","targetHints":{"allow":["GET"]}}],"collection":[{"href":"https:\/\/ronald-wilksen.de\/it\/wp-json\/wp\/v2\/pages"}],"about":[{"href":"https:\/\/ronald-wilksen.de\/it\/wp-json\/wp\/v2\/types\/page"}],"author":[{"embeddable":true,"href":"https:\/\/ronald-wilksen.de\/it\/wp-json\/wp\/v2\/users\/1"}],"replies":[{"embeddable":true,"href":"https:\/\/ronald-wilksen.de\/it\/wp-json\/wp\/v2\/comments?post=211"}],"version-history":[{"count":0,"href":"https:\/\/ronald-wilksen.de\/it\/wp-json\/wp\/v2\/pages\/211\/revisions"}],"wp:attachment":[{"href":"https:\/\/ronald-wilksen.de\/it\/wp-json\/wp\/v2\/media?parent=211"}],"curies":[{"name":"wp","href":"https:\/\/api.w.org\/{rel}","templated":true}]}}